{"id":107,"date":"2023-08-16T10:51:13","date_gmt":"2023-08-16T10:51:13","guid":{"rendered":"http:\/\/www.teatterilimusiini.fi\/?page_id=107"},"modified":"2026-04-28T12:07:50","modified_gmt":"2026-04-28T12:07:50","slug":"liput","status":"publish","type":"page","link":"http:\/\/www.teatterilimusiini.fi\/index.php\/liput\/","title":{"rendered":"Liput"},"content":{"rendered":"\n<h2 class=\"wp-block-heading\"><mark style=\"background-color:rgba(0, 0, 0, 0)\" class=\"has-inline-color has-black-color\">Kaksi yksin\u00e4isyytt\u00e4 -musikaali valtaa Teatteri Limusiinin huhtikuussa 2026!<\/mark><\/h2>\n\n\n\n<p><em><mark style=\"background-color:rgba(0, 0, 0, 0)\" class=\"has-inline-color has-black-color\">Mielenmaisemia luodataan unenomaisissa tunnelmissa, kun Netta k\u00e4y l\u00e4pi muistojensa ullakkoa. Siell\u00e4 on ulkopuolisuutta, nuorta rakkautta ja mystinen noitapiiri. Uusia n\u00e4k\u00f6kulmia ilmaantuu niin paljon, ett\u00e4 post-it-laputkin uhkaavat loppua&#8230; L\u00f6ytyyk\u00f6 ratkaisu lopulta menneisyydest\u00e4, omista ajatuksista vai jostakin muualta?<\/mark><\/em><\/p>\n\n\n\n<div class=\"wp-block-columns is-layout-flex wp-container-core-columns-is-layout-9d6595d7 wp-block-columns-is-layout-flex\">\n<div class=\"wp-block-column is-layout-flow wp-block-column-is-layout-flow\">\n<p>K\u00e4sikirjoitus ja s\u00e4vellys: Martta Tikka<\/p>\n\n\n\n<p>Ohjaus: Jenny Hilo<\/p>\n\n\n\n<h4 class=\"wp-block-heading\"><a href=\"https:\/\/drive.google.com\/file\/d\/1M89eO5OKeKcdvkRAGOy_0tTt55TelBEP\/view?usp=sharing\" data-type=\"link\" data-id=\"https:\/\/drive.google.com\/file\/d\/1M89eO5OKeKcdvkRAGOy_0tTt55TelBEP\/view?usp=sharing\"><mark style=\"background-color:rgba(0, 0, 0, 0)\" class=\"has-inline-color has-black-color\">K\u00e4siohjelma<\/mark><\/a><\/h4>\n<\/div>\n<\/div>\n\n\n\n<div style=\"height:26px\" aria-hidden=\"true\" class=\"wp-block-spacer\"><\/div>\n\n\n\n<h3 class=\"wp-block-heading\"><mark style=\"background-color:rgba(0, 0, 0, 0)\" class=\"has-inline-color has-black-color\">N\u00e4yt\u00f6kset<\/mark>:<\/h3>\n\n\n\n<div class=\"wp-block-columns is-layout-flex wp-container-core-columns-is-layout-9d6595d7 wp-block-columns-is-layout-flex\">\n<div class=\"wp-block-column is-layout-flow wp-block-column-is-layout-flow\">\n<p><mark style=\"background-color:rgba(0, 0, 0, 0)\" class=\"has-inline-color has-black-color\">Keskiviikko 1.4. klo 18:30 <em>(Ensi-ilta<\/em><\/mark> loppuunmyyty)<\/p>\n\n\n\n<p><mark style=\"background-color:rgba(0, 0, 0, 0)\" class=\"has-inline-color has-black-color\">Torstai 2.4. klo 18:30<\/mark><\/p>\n\n\n\n<p><mark style=\"background-color:rgba(0, 0, 0, 0)\" class=\"has-inline-color has-black-color\">Keskiviikko 8.4. klo 18:30<\/mark><\/p>\n\n\n\n<p><mark style=\"background-color:rgba(0, 0, 0, 0)\" class=\"has-inline-color has-black-color\">Perjantai 10.4. klo 18:30<\/mark> (Loppuunmyyty)<\/p>\n\n\n\n<p><mark style=\"background-color:rgba(0, 0, 0, 0)\" class=\"has-inline-color has-black-color\">Lauantai 11.4. klo 18:30<\/mark><\/p>\n<\/div>\n\n\n\n<div class=\"wp-block-column is-layout-flow wp-block-column-is-layout-flow\">\n<p><mark style=\"background-color:rgba(0, 0, 0, 0)\" class=\"has-inline-color has-black-color\">Torstai 16.4. klo 18:30<\/mark><\/p>\n\n\n\n<p><mark style=\"background-color:rgba(0, 0, 0, 0)\" class=\"has-inline-color has-black-color\">Perjantai 17.4. klo 18:30<\/mark><\/p>\n\n\n\n<p><mark style=\"background-color:rgba(0, 0, 0, 0)\" class=\"has-inline-color has-black-color\">Lauantai 18.4. klo 14:00 <em>(P\u00e4iv\u00e4n\u00e4yt\u00f6s)<\/em><\/mark><\/p>\n\n\n\n<p><mark style=\"background-color:rgba(0, 0, 0, 0)\" class=\"has-inline-color has-black-color\">Keskiviikko 22.4. klo 18:30<\/mark><\/p>\n<\/div>\n\n\n\n<div class=\"wp-block-column is-layout-flow wp-block-column-is-layout-flow\">\n<p><mark style=\"background-color:rgba(0, 0, 0, 0)\" class=\"has-inline-color has-black-color\">Perjantai 24.4. klo 18:30<\/mark><\/p>\n\n\n\n<p><mark style=\"background-color:rgba(0, 0, 0, 0)\" class=\"has-inline-color has-black-color\">Sunnuntai 26.4. klo 18:30<\/mark><\/p>\n\n\n\n<p><mark style=\"background-color:rgba(0, 0, 0, 0)\" class=\"has-inline-color has-vivid-red-color\"><strong>Tiistai 28.4. klo 18:30 PERUTTU <\/strong>sairaustapauksen vuoksi (mik\u00e4li olette ostaneet lipun ennakkoon, olettehan yhteydess\u00e4 meihin s\u00e4hk\u00f6postilla: hallinto@teatterilimusiini.fi)<\/mark><\/p>\n\n\n\n<p><mark style=\"background-color:rgba(0, 0, 0, 0)\" class=\"has-inline-color has-black-color\">Keskiviikko 29.4. klo 18:30<\/mark><\/p>\n\n\n\n<p><mark style=\"background-color:rgba(0, 0, 0, 0)\" class=\"has-inline-color has-black-color\">Lauantai 2.5. klo 18.30<\/mark> (lis\u00e4n\u00e4yt\u00f6s)<\/p>\n\n\n\n<p><mark style=\"background-color:rgba(0, 0, 0, 0)\" class=\"has-inline-color has-black-color\">Sunnuntai 3.5. klo 18.30<\/mark> (lis\u00e4n\u00e4yt\u00f6s)<\/p>\n<\/div>\n<\/div>\n\n\n\n<div style=\"height:25px\" aria-hidden=\"true\" class=\"wp-block-spacer\"><\/div>\n\n\n\n<p><mark style=\"background-color:rgba(0, 0, 0, 0)\" class=\"has-inline-color has-black-color\"><strong>Esityksen arvioitu kesto 2h 20min <\/strong>(sis. 20min v\u00e4liajan)<\/mark><\/p>\n\n\n\n<div style=\"height:25px\" aria-hidden=\"true\" class=\"wp-block-spacer\"><\/div>\n\n\n\n<h4 class=\"wp-block-heading\"><a href=\"https:\/\/drive.google.com\/file\/d\/155D-AzZJ9b9nomTPAEHegnzshgNuNO6M\/view?usp=sharing%F0%9F%99%8F%E2%9D%A4%EF%B8%8F\"><mark style=\"background-color:rgba(0, 0, 0, 0)\" class=\"has-inline-color has-black-color\">N\u00e4yt\u00f6skohtainen roolitus!<\/mark><\/a><\/h4>\n\n\n\n<div style=\"height:0px\" aria-hidden=\"true\" class=\"wp-block-spacer\"><\/div>\n\n\n\n<div style=\"height:25px\" aria-hidden=\"true\" class=\"wp-block-spacer\"><\/div>\n\n\n\n<h3 class=\"wp-block-heading\"><mark style=\"background-color:rgba(0, 0, 0, 0)\" class=\"has-inline-color has-black-color\">Hinnasto<\/mark>:<\/h3>\n\n\n\n<p><strong><mark style=\"background-color:rgba(0, 0, 0, 0)\" class=\"has-inline-color has-black-color\">Peruslippu:<\/mark><\/strong><mark style=\"background-color:rgba(0, 0, 0, 0)\" class=\"has-inline-color has-black-color\"><strong> <\/strong>14\u20ac \/ovelta 16\u20ac<\/mark><\/p>\n\n\n\n<p><strong><mark style=\"background-color:rgba(0, 0, 0, 0)\" class=\"has-inline-color has-black-color\">Alennuslippu:<\/mark> <\/strong><mark style=\"background-color:rgba(0, 0, 0, 0)\" class=\"has-inline-color has-black-color\">10\u20ac \/ovelta 12\u20ac (Alennusryhm\u00e4\u00e4n kuuluvat opiskelijat, varusmiehet, ty\u00f6tt\u00f6m\u00e4t, k\u00f6yh\u00e4t ja alle 12-vuotiaat. Huomioithan, ett\u00e4 el\u00e4kel\u00e4iset eiv\u00e4t kuulu alennusryhm\u00e4\u00e4n.)<\/mark><\/p>\n\n\n\n<p><strong><mark style=\"background-color:rgba(0, 0, 0, 0)\" class=\"has-inline-color has-black-color\">Tukilippu:<\/mark><\/strong> <mark style=\"background-color:rgba(0, 0, 0, 0)\" class=\"has-inline-color has-black-color\">25\u20ac<\/mark><\/p>\n\n\n\n<p><strong><mark style=\"background-color:rgba(0, 0, 0, 0)\" class=\"has-inline-color has-black-color\">Ryhm\u00e4lippu:<\/mark> <\/strong><mark style=\"background-color:rgba(0, 0, 0, 0)\" class=\"has-inline-color has-black-color\">8\u20ac \/ hl\u00f6 (Ryhm\u00e4lippu on tarkoitettu yli kymmenen hengen ryhmille. Osta lippu ryhm\u00e4llesi s\u00e4hk\u00f6postitse.)<\/mark><\/p>\n\n\n\n<p><strong> (<mark style=\"background-color:rgba(0, 0, 0, 0)\" class=\"has-inline-color has-black-color\">Kannatusj\u00e4senill\u00e4 on vapaaehtoinen p\u00e4\u00e4symaksu<\/mark><\/strong> <mark style=\"background-color:rgba(0, 0, 0, 0)\" class=\"has-inline-color has-black-color\">kaikkiin Teatteri Limusiinin tapahtumiin. <a href=\"https:\/\/www.teatterilimusiini.fi\/index.php\/kannatusjaseneksi\/\" data-type=\"page\" data-id=\"100\">Lue lis\u00e4\u00e4 ja liity t\u00e4st\u00e4!<\/a>)<\/mark><\/p>\n\n\n\n<p><mark style=\"background-color:rgba(0, 0, 0, 0)\" class=\"has-inline-color has-black-color\"><strong>Henkil\u00f6kohtaisella avustajalla on ilmainen sis\u00e4\u00e4np\u00e4\u00e4sy.<\/strong> (Varaathan h\u00e4nelle lipun s\u00e4hk\u00f6postitse.)<\/mark><\/p>\n\n\n\n<div style=\"height:26px\" aria-hidden=\"true\" class=\"wp-block-spacer\"><\/div>\n\n\n\n<h2 class=\"wp-block-heading\"><a href=\"https:\/\/biletti.fi\/e\/kaksi-yksinaisyytta-espoo\"><mark style=\"background-color:rgba(0, 0, 0, 0)\" class=\"has-inline-color has-black-color\">OSTA LIPUT!<\/mark><\/a><\/h2>\n\n\n\n<div style=\"height:23px\" aria-hidden=\"true\" class=\"wp-block-spacer\"><\/div>\n\n\n\n<p><mark style=\"background-color:rgba(0, 0, 0, 0)\" class=\"has-inline-color has-black-color\"><strong>Maksutapa ovella: <\/strong>mobilepay &amp; k\u00e4teinen<\/mark><\/p>\n\n\n\n<div style=\"height:26px\" aria-hidden=\"true\" class=\"wp-block-spacer\"><\/div>\n\n\n\n<h3 class=\"wp-block-heading\"><mark style=\"background-color:rgba(0, 0, 0, 0)\" class=\"has-inline-color has-black-color\">Esityspaikka<\/mark>:<\/h3>\n\n\n\n<p><mark style=\"background-color:rgba(0, 0, 0, 0)\" class=\"has-inline-color has-black-color\"><strong>Teatteri Limusiinin n\u00e4ytt\u00e4m\u00f6<\/strong> <a href=\"https:\/\/maps.app.goo.gl\/1ucbfYQUQAzZz9Sr9\" data-type=\"link\" data-id=\"https:\/\/share.google\/HaPrgv072iALEHMEO\">Merenk\u00e4ynti 3, 02320 Espoo<\/a><\/mark><\/p>\n\n\n\n<div style=\"height:26px\" aria-hidden=\"true\" class=\"wp-block-spacer\"><\/div>\n\n\n\n<h3 class=\"wp-block-heading\"><mark style=\"background-color:rgba(0, 0, 0, 0)\" class=\"has-inline-color has-black-color\">Esteett\u00e4myystiedot ja saapumisohjeet<\/mark><\/h3>\n\n\n\n<p><mark style=\"background-color:rgba(0, 0, 0, 0)\" class=\"has-inline-color has-black-color\">N\u00e4ytelm\u00e4 soveltuu valoherkille, eik\u00e4 siin\u00e4 k\u00e4ytet\u00e4 teatterisavua. Tilassa ei ole induktiosilmukkaa, eik\u00e4 esityksess\u00e4 ole tekstityksi\u00e4. Esitys saattaa sis\u00e4lt\u00e4\u00e4 kovia \u00e4\u00e4ni\u00e4.<\/mark><\/p>\n\n\n\n<p><mark style=\"background-color:rgba(0, 0, 0, 0)\" class=\"has-inline-color has-black-color\">Tilassa ei ole inva-wc:t\u00e4 (l\u00e4hin esteet\u00f6n wc sijaitsee Kivenlahden metroasemalla).<\/mark><\/p>\n\n\n\n<p><mark style=\"background-color:rgba(0, 0, 0, 0)\" class=\"has-inline-color has-black-color\">Henkil\u00f6kohtaisella avustajalla on ilmainen sis\u00e4\u00e4np\u00e4\u00e4sy, ja avustajakoirat ovat sallittuja. Ilmoitathan molemmista etuk\u00e4teen s\u00e4hk\u00f6postitse tai puhelimitse.<\/mark><\/p>\n\n\n\n<p><mark style=\"background-color:rgba(0, 0, 0, 0)\" class=\"has-inline-color has-black-color\">Esitystilan viereen voi tarvittaessa ajaa autolla, mutta siihen ei voi pys\u00e4k\u00f6id\u00e4. Tilan ovella on kynnys. Oviaukon leveys on 97 cm, ja ovi tulee olemaan osittain auki. Katsomoon on esteet\u00f6n p\u00e4\u00e4sy.<\/mark><\/p>\n\n\n\n<p><mark style=\"background-color:rgba(0, 0, 0, 0)\" class=\"has-inline-color has-black-color\">Kivenlahden metroasemalta ja l\u00e4heisilt\u00e4 bussipys\u00e4keilt\u00e4 on esteet\u00f6n reitti esitystilaan (n. 200 metri\u00e4). L\u00e4hist\u00f6ll\u00e4 on satunnaisia \u200b\u200btienvarsipaikkoja. Hybridiarena Hypen pys\u00e4k\u00f6intihallissa (n. 500 metri\u00e4 esitystilasta) pys\u00e4k\u00f6inti on 1 \u20ac\/tunti. Parkkihallin 1. kerroksessa on ovi, josta kuljet ulos.<\/mark><\/p>\n\n\n\n<p><mark style=\"background-color:rgba(0, 0, 0, 0)\" class=\"has-inline-color has-black-color\">Saavutettavuuteen liittyv\u00e4t kysymykset voit l\u00e4hett\u00e4\u00e4 s\u00e4hk\u00f6postitse tai puhelimitse.<\/mark><\/p>\n\n\n\n<div style=\"height:26px\" aria-hidden=\"true\" class=\"wp-block-spacer\"><\/div>\n\n\n\n<h3 class=\"wp-block-heading\"><strong><mark style=\"background-color:rgba(0, 0, 0, 0)\" class=\"has-inline-color has-black-color\">Accessibility and arrival<\/mark><\/strong><\/h3>\n\n\n\n<p><mark style=\"background-color:rgba(0, 0, 0, 0)\" class=\"has-inline-color has-black-color\"><strong>Sensory Experience: <\/strong>No flashing lights or theatrical smoke. Please note that the performance may contain loud noises. There is no induction loop. No subtitles.<\/mark><\/p>\n\n\n\n<p><mark style=\"background-color:rgba(0, 0, 0, 0)\" class=\"has-inline-color has-black-color\"><strong>Assistants and Service Animals: <\/strong>Free admission for personal assistants. Assistance dogs are welcome. Please notify us in advance by email or phone.<\/mark><\/p>\n\n\n\n<p><mark style=\"background-color:rgba(0, 0, 0, 0)\" class=\"has-inline-color has-black-color\"><strong>Toilet Facilities: <\/strong>There is no accessible toilet in the venue. The nearest accessible toilet is located at Kivenlahti metro station.<\/mark><\/p>\n\n\n\n<p><mark style=\"background-color:rgba(0, 0, 0, 0)\" class=\"has-inline-color has-black-color\"><strong>Access: <\/strong>You can be dropped off by car right in front of the space, but long-term parking is in a separate area. There is a small threshold at the entrance. The doorway is 97 cm wide, and the door will be kept partially open. The audience area is fully accessible.<\/mark><\/p>\n\n\n\n<p><mark style=\"background-color:rgba(0, 0, 0, 0)\" class=\"has-inline-color has-black-color\"><strong>Arrival:<\/strong> There is a 200 m barrier-free route from Kivenlahti metro station to the venue. The area is well-served by buses (see HSL.fi for details). Occasional roadside spaces are available nearby. The Hybridiarena Hype parking garage is approximately 500 m away (parking fee: 1\u20ac\/h).<\/mark><\/p>\n\n\n\n<p><mark style=\"background-color:rgba(0, 0, 0, 0)\" class=\"has-inline-color has-black-color\">If you have any questions about accessibility, please contact us<\/mark>!<\/p>\n\n\n\n<div style=\"height:26px\" aria-hidden=\"true\" class=\"wp-block-spacer\"><\/div>\n\n\n\n<h3 class=\"wp-block-heading\"><mark style=\"background-color:rgba(0, 0, 0, 0)\" class=\"has-inline-color has-black-color\">Yhteystiedot<\/mark>:<\/h3>\n\n\n\n<p><mark style=\"background-color:rgba(0, 0, 0, 0)\" class=\"has-inline-color has-black-color\">Mik\u00e4li her\u00e4\u00e4 kysymyksi\u00e4, olethan yhteydess\u00e4 meihin!<\/mark><\/p>\n\n\n\n<p><mark style=\"background-color:rgba(0, 0, 0, 0)\" class=\"has-inline-color has-black-color\">Teatteri Limusiini<\/mark><\/p>\n\n\n\n<p><mark style=\"background-color:rgba(0, 0, 0, 0)\" class=\"has-inline-color has-black-color\">Merenk\u00e4ynti 3, 02320 Espoo<\/mark><\/p>\n\n\n\n<p><a href=\"mailto:hallinto@teatterilimusiini.fi\"><mark style=\"background-color:rgba(0, 0, 0, 0)\" class=\"has-inline-color has-black-color\">hallinto@teatterilimusiini.fi<\/mark><\/a><\/p>\n\n\n\n<p><mark style=\"background-color:rgba(0, 0, 0, 0)\" class=\"has-inline-color has-black-color\">+358 400108181<\/mark><\/p>\n","protected":false},"excerpt":{"rendered":"<p>Kaksi yksin\u00e4isyytt\u00e4 -musikaali valtaa Teatteri Limusiinin huhtikuussa 2026! Mielenmaisemia luodataan unenomaisissa tunnelmissa, kun Netta k\u00e4y l\u00e4pi muistojensa ullakkoa. Siell\u00e4 on ulkopuolisuutta, nuorta rakkautta ja mystinen noitapiiri. Uusia n\u00e4k\u00f6kulmia ilmaantuu niin paljon, ett\u00e4 post-it-laputkin uhkaavat loppua&#8230; L\u00f6ytyyk\u00f6 ratkaisu lopulta menneisyydest\u00e4, omista ajatuksista vai jostakin muualta? K\u00e4sikirjoitus ja s\u00e4vellys: Martta Tikka Ohjaus: Jenny Hilo K\u00e4siohjelma N\u00e4yt\u00f6kset: Keskiviikko [&hellip;]<\/p>\n","protected":false},"author":1,"featured_media":0,"parent":0,"menu_order":0,"comment_status":"closed","ping_status":"closed","template":"","meta":{"footnotes":""},"class_list":["post-107","page","type-page","status-publish","hentry","entry"],"_links":{"self":[{"href":"http:\/\/www.teatterilimusiini.fi\/index.php\/wp-json\/wp\/v2\/pages\/107","targetHints":{"allow":["GET"]}}],"collection":[{"href":"http:\/\/www.teatterilimusiini.fi\/index.php\/wp-json\/wp\/v2\/pages"}],"about":[{"href":"http:\/\/www.teatterilimusiini.fi\/index.php\/wp-json\/wp\/v2\/types\/page"}],"author":[{"embeddable":true,"href":"http:\/\/www.teatterilimusiini.fi\/index.php\/wp-json\/wp\/v2\/users\/1"}],"replies":[{"embeddable":true,"href":"http:\/\/www.teatterilimusiini.fi\/index.php\/wp-json\/wp\/v2\/comments?post=107"}],"version-history":[{"count":92,"href":"http:\/\/www.teatterilimusiini.fi\/index.php\/wp-json\/wp\/v2\/pages\/107\/revisions"}],"predecessor-version":[{"id":707,"href":"http:\/\/www.teatterilimusiini.fi\/index.php\/wp-json\/wp\/v2\/pages\/107\/revisions\/707"}],"wp:attachment":[{"href":"http:\/\/www.teatterilimusiini.fi\/index.php\/wp-json\/wp\/v2\/media?parent=107"}],"curies":[{"name":"wp","href":"https:\/\/api.w.org\/{rel}","templated":true}]}}